{"id":269,"date":"2014-08-12T21:14:05","date_gmt":"2014-08-12T21:14:05","guid":{"rendered":"http:\/\/www.recrutement-amarillo.com\/?page_id=269"},"modified":"2021-09-01T06:00:30","modified_gmt":"2021-09-01T06:00:30","slug":"recrutement-de-personnel-distribution-et-fabrication","status":"publish","type":"page","link":"http:\/\/www.recrutement-amarillo.com\/fr\/recrutement-de-personnel-distribution-et-fabrication\/","title":{"rendered":"Recrutement de personnel distribution et fabrication"},"content":{"rendered":"<h2 style=\"color: #61b04c;\">Fabrication &amp; distribution<br \/>\nDessin &amp; conception<\/h2>\n<div class=\"divider\" style=\"border-color:#61B04C;padding-top:5px;margin-bottom:15px\"><\/div>\n<p style=\"text-align: justify;\">Vous \u00eates \u00e0 la recherche de candidats talentueux dans le domaine de la fabrication et la distribution, le dessin et la conception ; des individus qui auront \u00e0 c\u0153ur de contribuer avec leur professionnalisme et leur dynamisme \u00e0 la r\u00e9ussite de votre entreprise.<\/p>\n<p style=\"text-align: justify;\">Si vous \u00eates \u00e0 la recherche de comp\u00e9tences techniques pointues, chez des gens qui savent travailler sous pression et sont de bons communiquants &#8211; des candidats qui seront en mesure de bien s&rsquo;int\u00e9grer \u00e0 votre culture, votre \u00e9quipe et vos valeurs d&rsquo;entreprise, permettez-nous de localiser et de recruter ces personnes pour vous.<\/p>\n<p style=\"text-align: justify;\">Amarillo recrute des personnes pour tous les types de fabrication et \/ ou op\u00e9rations et distribution &#8211; qu&rsquo;il s&rsquo;agisse des op\u00e9rations de fabrication \u00e0 faible ou \u00e0 haut volume, en petites ou grandes installations, dans l&rsquo;industrie lourde ou l\u00e9g\u00e8re. Notre domaine d\u2019expertise couvre des postes cadre et de direction aux postes de technicien. Nous travaillons sur des postes permanents ou temporaires.<\/p>\n<p><strong>Nous nous sp\u00e9cialisons dans la recherche de personnel technique et talentueux avec une expertise en : <\/strong><\/p>\n<div class=\"fond-gris\">\n<div class=\"one_third\"><p>\u2014 Gestion technique<br \/>\n\u2014 Ing\u00e9nierie<br \/>\n\u2014 Op\u00e9rations de fabrication<br \/>\n\u2014 Gestion de projets<br \/>\n\u2014 Production<br \/><\/div>\n<div class=\"one_third\"><p>\u2014 Entretien de la machinerie<br \/>\n\u2014 Dessin et conception<br \/>\n\u2014 R\u00e9daction technique<br \/>\n\u2014 Entreposage<br \/><\/div> <div class=\"one_third last\"><p><img decoding=\"async\" class=\"alignnone size-medium wp-image-157\" src=\"http:\/\/www.recrutement-amarillo.com\/wp-content\/uploads\/2014\/07\/design-1-300x199.jpg\" alt=\"design-1\" width=\"300\" height=\"199\" srcset=\"http:\/\/www.recrutement-amarillo.com\/wp-content\/uploads\/2014\/07\/design-1-300x199.jpg 300w, http:\/\/www.recrutement-amarillo.com\/wp-content\/uploads\/2014\/07\/design-1.jpg 500w\" sizes=\"(max-width: 300px) 100vw, 300px\" \/><br \/><\/div><div class=\"clearboth\"><\/div>\n<\/div>\n<p>Notre \u00e9quipe r\u00e9active \u00e9valuera et r\u00e9pondra \u00e0 vos besoins d&#8217;embauche particuliers avec efficience et efficacit\u00e9.<\/p>\n<h4><i class=\"iconfont theme-icon icon-play\" style=\"color:#61B04C\"><\/i> Nous mettons notre expertise \u00e0 votre service, nous nous positionnons comme \u00e9tant votre meilleur partenaire pour vos besoins en recrutement.<\/h4>\n<div class=\"sample-green\">Exemple de postes | emplois<\/div>\n<hr \/>\n<div class=\"one_half\"><ul style=\"list-style-image: url('http:\/\/www.recrutement-amarillo.com\/wp-content\/uploads\/2014\/07\/green-square.png');\">\n<li>Vice-pr\u00e9sident de l&rsquo;ing\u00e9nierie<\/li>\n<li>Directeur de l&rsquo;ing\u00e9nierie<\/li>\n<li>Directeur de la recherche et d\u00e9veloppement (R &amp; D)<\/li>\n<li>Directeur Technique<\/li>\n<li>Directeur d&rsquo;usine<\/li>\n<li>Directeur de production<\/li>\n<li>Planificateur de la production<\/li>\n<li>Directeur des achats<\/li>\n<li>Ing\u00e9nieur de projets<\/li>\n<li>Acheteur<\/li>\n<li>Directeur de la distribution<\/li>\n<li>Contrema\u00eetre \/ Contrema\u00eetresse d&rsquo;entrep\u00f4t<\/li>\n<li>Directeur de maintenance<\/li>\n<li>Ing\u00e9nieur d&rsquo;usine<\/li>\n<li>Responsable de marketing<\/li>\n<li>Contrema\u00eetre \/ Contrema\u00eetresse de production<\/li>\n<li>Ing\u00e9nieur de syst\u00e8mes<\/li>\n<li>Ing\u00e9nieur estimateur<\/li>\n<\/ul><\/div>\n<div class=\"one_half last\"><ul style=\"list-style-image: url('http:\/\/www.recrutement-amarillo.com\/wp-content\/uploads\/2014\/07\/green-square.png');\">\n<li>Ing\u00e9nieur \u00e9l\u00e9ments finis<\/li>\n<li>Dessinateur \/ Concepteur en chef<\/li>\n<li>Dessinateur \/ Concepteur<\/li>\n<li>Dessinateur<\/li>\n<li>Ing\u00e9nieur industriel<\/li>\n<li>Ing\u00e9nieur ou directeur en contr\u00f4le de la qualit\u00e9<\/li>\n<li>Ing\u00e9nieur de m\u00e9thodes<\/li>\n<li>Technicien en contr\u00f4le de la qualit\u00e9<\/li>\n<li>Concepteur industriel<\/li>\n<li>Graphiste \/ Illustrateur<\/li>\n<li>R\u00e9dacteur technique<\/li>\n<li>Concepteur de circuits imprim\u00e9s<\/li>\n<li>Technicien de maintenance<\/li>\n<li>Programmeur de PLC<\/li>\n<li>Machiniste conventionnel \/ Outilleur<\/li>\n<li>Programmeur CNC\/Machiniste<\/li>\n<li>M\u00e9canicien<\/li>\n<li>\u00c9lectrom\u00e9canicien<\/li>\n<\/ul><\/div><div class=\"clearboth\"><\/div>\n<div class=\"sample-green\">Exemple de type d\u2019industries<\/div>\n<hr \/>\n<div class=\"one_third\"><ul style=\"list-style-image: url('http:\/\/www.recrutement-amarillo.com\/wp-content\/uploads\/2014\/07\/green-square.png');\">\n<li>Alimentaire \/ Pharmaceutique<\/li>\n<li>Biom\u00e9dicale<\/li>\n<li>A\u00e9rospatiale<\/li>\n<li>Usinage<\/li>\n<li>Mat\u00e9riaux de construction\/Fabrication<\/li>\n<li>Traitement chimique<\/li>\n<\/ul><\/div>\n<div class=\"one_third\"><ul style=\"list-style-image: url('http:\/\/www.recrutement-amarillo.com\/wp-content\/uploads\/2014\/07\/green-square.png');\">\n<li>Fabrication de composants \u00e9lectroniques<\/li>\n<li>Armoires \u00e0 bois<\/li>\n<li>Fabrication de produits m\u00e9talliques<\/li>\n<li>Machinerie de fabrication<\/li>\n<li>Fabrication de syst\u00e8mes sous pression<\/li>\n<li>M\u00e9tal \/ Moulage sous pression<\/li>\n<li>Automation<\/li>\n<\/ul><\/div>\n<div class=\"one_third last\"><p><img decoding=\"async\" class=\"alignnone size-medium wp-image-159\" src=\"http:\/\/www.recrutement-amarillo.com\/wp-content\/uploads\/2014\/07\/manufacturing-300x217.jpg\" alt=\"manufacturing\" width=\"300\" height=\"217\" srcset=\"http:\/\/www.recrutement-amarillo.com\/wp-content\/uploads\/2014\/07\/manufacturing-300x217.jpg 300w, http:\/\/www.recrutement-amarillo.com\/wp-content\/uploads\/2014\/07\/manufacturing.jpg 500w\" sizes=\"(max-width: 300px) 100vw, 300px\" \/><\/p><\/div><div class=\"clearboth\"><\/div>\n<a id=\"button_id-794\" href=\"http:\/\/www.recrutement-amarillo.com\/contactez-nous\" style=\"background-color:#29601b\" class=\"button medium primary full no_woo_button\"><span style=\"color:#ffffff;\">Contactez-nous d\u00e8s aujourd&rsquo;hui et laissez-nous vous supporter dans votre recherche de candidats !<\/span><\/a>\n<hr \/>\n<p style=\"text-align: center;\">Vous avez aim\u00e9 le contenu ? Partagez-le avec vos amis<\/p>\n","protected":false},"excerpt":{"rendered":"<p>Fabrication &amp; distribution Dessin &amp; conception Vous \u00eates \u00e0 la recherche de candidats talentueux dans le domaine de la fabrication et la distribution, le dessin et la conception ; des individus qui auront \u00e0 c\u0153ur de contribuer avec leur professionnalisme et leur dynamisme \u00e0 la r\u00e9ussite de votre entreprise. Si vous \u00eates \u00e0 la recherche &#8230;<\/p>\n","protected":false},"author":1,"featured_media":182,"parent":0,"menu_order":0,"comment_status":"closed","ping_status":"closed","template":"","meta":{"footnotes":""},"class_list":["post-269","page","type-page","status-publish","has-post-thumbnail","hentry"],"yoast_head":"<!-- This site is optimized with the Yoast SEO plugin v26.3 - https:\/\/yoast.com\/wordpress\/plugins\/seo\/ -->\n<title>Recrutement de personnel distribution et fabrication<\/title>\n<meta name=\"description\" content=\"Recrutement de personnel distribution et fabrication. Vous \u00eates \u00e0 la recherche de candidats talentueux dans le domaine de la fabrication et la distribution\" \/>\n<meta name=\"robots\" content=\"index, follow, max-snippet:-1, max-image-preview:large, max-video-preview:-1\" \/>\n<link rel=\"canonical\" href=\"http:\/\/www.recrutement-amarillo.com\/fr\/recrutement-de-personnel-distribution-et-fabrication\/\" \/>\n<meta property=\"og:locale\" content=\"fr_FR\" \/>\n<meta property=\"og:type\" content=\"article\" \/>\n<meta property=\"og:title\" content=\"Recrutement de personnel distribution et fabrication\" \/>\n<meta property=\"og:description\" content=\"Recrutement de personnel distribution et fabrication. Vous \u00eates \u00e0 la recherche de candidats talentueux dans le domaine de la fabrication et la distribution\" \/>\n<meta property=\"og:url\" content=\"http:\/\/www.recrutement-amarillo.com\/fr\/recrutement-de-personnel-distribution-et-fabrication\/\" \/>\n<meta property=\"og:site_name\" content=\"Recrutement Amarillo\" \/>\n<meta property=\"article:modified_time\" content=\"2021-09-01T06:00:30+00:00\" \/>\n<meta property=\"og:image\" content=\"http:\/\/www.recrutement-amarillo.com\/wp-content\/uploads\/2014\/08\/slider-manuf1.jpg\" \/>\n\t<meta property=\"og:image:width\" content=\"1500\" \/>\n\t<meta property=\"og:image:height\" content=\"400\" \/>\n\t<meta property=\"og:image:type\" content=\"image\/jpeg\" \/>\n<meta name=\"twitter:label1\" content=\"Dur\u00e9e de lecture estim\u00e9e\" \/>\n\t<meta name=\"twitter:data1\" content=\"3 minutes\" \/>\n<script type=\"application\/ld+json\" class=\"yoast-schema-graph\">{\"@context\":\"https:\/\/schema.org\",\"@graph\":[{\"@type\":\"WebPage\",\"@id\":\"http:\/\/www.recrutement-amarillo.com\/fr\/recrutement-de-personnel-distribution-et-fabrication\/\",\"url\":\"http:\/\/www.recrutement-amarillo.com\/fr\/recrutement-de-personnel-distribution-et-fabrication\/\",\"name\":\"Recrutement de personnel distribution et fabrication\",\"isPartOf\":{\"@id\":\"http:\/\/www.recrutement-amarillo.com\/#website\"},\"primaryImageOfPage\":{\"@id\":\"http:\/\/www.recrutement-amarillo.com\/fr\/recrutement-de-personnel-distribution-et-fabrication\/#primaryimage\"},\"image\":{\"@id\":\"http:\/\/www.recrutement-amarillo.com\/fr\/recrutement-de-personnel-distribution-et-fabrication\/#primaryimage\"},\"thumbnailUrl\":\"http:\/\/www.recrutement-amarillo.com\/wp-content\/uploads\/2014\/08\/slider-manuf1.jpg\",\"datePublished\":\"2014-08-12T21:14:05+00:00\",\"dateModified\":\"2021-09-01T06:00:30+00:00\",\"description\":\"Recrutement de personnel distribution et fabrication. Vous \u00eates \u00e0 la recherche de candidats talentueux dans le domaine de la fabrication et la distribution\",\"inLanguage\":\"fr-FR\",\"potentialAction\":[{\"@type\":\"ReadAction\",\"target\":[\"http:\/\/www.recrutement-amarillo.com\/fr\/recrutement-de-personnel-distribution-et-fabrication\/\"]}]},{\"@type\":\"ImageObject\",\"inLanguage\":\"fr-FR\",\"@id\":\"http:\/\/www.recrutement-amarillo.com\/fr\/recrutement-de-personnel-distribution-et-fabrication\/#primaryimage\",\"url\":\"http:\/\/www.recrutement-amarillo.com\/wp-content\/uploads\/2014\/08\/slider-manuf1.jpg\",\"contentUrl\":\"http:\/\/www.recrutement-amarillo.com\/wp-content\/uploads\/2014\/08\/slider-manuf1.jpg\",\"width\":1500,\"height\":400},{\"@type\":\"WebSite\",\"@id\":\"http:\/\/www.recrutement-amarillo.com\/#website\",\"url\":\"http:\/\/www.recrutement-amarillo.com\/\",\"name\":\"Recrutement Amarillo\",\"description\":\"Recrutement Amarillo\",\"potentialAction\":[{\"@type\":\"SearchAction\",\"target\":{\"@type\":\"EntryPoint\",\"urlTemplate\":\"http:\/\/www.recrutement-amarillo.com\/?s={search_term_string}\"},\"query-input\":{\"@type\":\"PropertyValueSpecification\",\"valueRequired\":true,\"valueName\":\"search_term_string\"}}],\"inLanguage\":\"fr-FR\"}]}<\/script>\n<!-- \/ Yoast SEO plugin. -->","yoast_head_json":{"title":"Recrutement de personnel distribution et fabrication","description":"Recrutement de personnel distribution et fabrication. Vous \u00eates \u00e0 la recherche de candidats talentueux dans le domaine de la fabrication et la distribution","robots":{"index":"index","follow":"follow","max-snippet":"max-snippet:-1","max-image-preview":"max-image-preview:large","max-video-preview":"max-video-preview:-1"},"canonical":"http:\/\/www.recrutement-amarillo.com\/fr\/recrutement-de-personnel-distribution-et-fabrication\/","og_locale":"fr_FR","og_type":"article","og_title":"Recrutement de personnel distribution et fabrication","og_description":"Recrutement de personnel distribution et fabrication. Vous \u00eates \u00e0 la recherche de candidats talentueux dans le domaine de la fabrication et la distribution","og_url":"http:\/\/www.recrutement-amarillo.com\/fr\/recrutement-de-personnel-distribution-et-fabrication\/","og_site_name":"Recrutement Amarillo","article_modified_time":"2021-09-01T06:00:30+00:00","og_image":[{"width":1500,"height":400,"url":"http:\/\/www.recrutement-amarillo.com\/wp-content\/uploads\/2014\/08\/slider-manuf1.jpg","type":"image\/jpeg"}],"twitter_misc":{"Dur\u00e9e de lecture estim\u00e9e":"3 minutes"},"schema":{"@context":"https:\/\/schema.org","@graph":[{"@type":"WebPage","@id":"http:\/\/www.recrutement-amarillo.com\/fr\/recrutement-de-personnel-distribution-et-fabrication\/","url":"http:\/\/www.recrutement-amarillo.com\/fr\/recrutement-de-personnel-distribution-et-fabrication\/","name":"Recrutement de personnel distribution et fabrication","isPartOf":{"@id":"http:\/\/www.recrutement-amarillo.com\/#website"},"primaryImageOfPage":{"@id":"http:\/\/www.recrutement-amarillo.com\/fr\/recrutement-de-personnel-distribution-et-fabrication\/#primaryimage"},"image":{"@id":"http:\/\/www.recrutement-amarillo.com\/fr\/recrutement-de-personnel-distribution-et-fabrication\/#primaryimage"},"thumbnailUrl":"http:\/\/www.recrutement-amarillo.com\/wp-content\/uploads\/2014\/08\/slider-manuf1.jpg","datePublished":"2014-08-12T21:14:05+00:00","dateModified":"2021-09-01T06:00:30+00:00","description":"Recrutement de personnel distribution et fabrication. Vous \u00eates \u00e0 la recherche de candidats talentueux dans le domaine de la fabrication et la distribution","inLanguage":"fr-FR","potentialAction":[{"@type":"ReadAction","target":["http:\/\/www.recrutement-amarillo.com\/fr\/recrutement-de-personnel-distribution-et-fabrication\/"]}]},{"@type":"ImageObject","inLanguage":"fr-FR","@id":"http:\/\/www.recrutement-amarillo.com\/fr\/recrutement-de-personnel-distribution-et-fabrication\/#primaryimage","url":"http:\/\/www.recrutement-amarillo.com\/wp-content\/uploads\/2014\/08\/slider-manuf1.jpg","contentUrl":"http:\/\/www.recrutement-amarillo.com\/wp-content\/uploads\/2014\/08\/slider-manuf1.jpg","width":1500,"height":400},{"@type":"WebSite","@id":"http:\/\/www.recrutement-amarillo.com\/#website","url":"http:\/\/www.recrutement-amarillo.com\/","name":"Recrutement Amarillo","description":"Recrutement Amarillo","potentialAction":[{"@type":"SearchAction","target":{"@type":"EntryPoint","urlTemplate":"http:\/\/www.recrutement-amarillo.com\/?s={search_term_string}"},"query-input":{"@type":"PropertyValueSpecification","valueRequired":true,"valueName":"search_term_string"}}],"inLanguage":"fr-FR"}]}},"_links":{"self":[{"href":"http:\/\/www.recrutement-amarillo.com\/fr\/wp-json\/wp\/v2\/pages\/269","targetHints":{"allow":["GET"]}}],"collection":[{"href":"http:\/\/www.recrutement-amarillo.com\/fr\/wp-json\/wp\/v2\/pages"}],"about":[{"href":"http:\/\/www.recrutement-amarillo.com\/fr\/wp-json\/wp\/v2\/types\/page"}],"author":[{"embeddable":true,"href":"http:\/\/www.recrutement-amarillo.com\/fr\/wp-json\/wp\/v2\/users\/1"}],"replies":[{"embeddable":true,"href":"http:\/\/www.recrutement-amarillo.com\/fr\/wp-json\/wp\/v2\/comments?post=269"}],"version-history":[{"count":0,"href":"http:\/\/www.recrutement-amarillo.com\/fr\/wp-json\/wp\/v2\/pages\/269\/revisions"}],"wp:featuredmedia":[{"embeddable":true,"href":"http:\/\/www.recrutement-amarillo.com\/fr\/wp-json\/wp\/v2\/media\/182"}],"wp:attachment":[{"href":"http:\/\/www.recrutement-amarillo.com\/fr\/wp-json\/wp\/v2\/media?parent=269"}],"curies":[{"name":"wp","href":"https:\/\/api.w.org\/{rel}","templated":true}]}}