{"id":276,"date":"2014-08-12T23:00:55","date_gmt":"2014-08-12T23:00:55","guid":{"rendered":"http:\/\/www.recrutement-amarillo.com\/?page_id=276"},"modified":"2021-09-01T06:00:30","modified_gmt":"2021-09-01T06:00:30","slug":"recrutement-de-personnel-genie-conseil-et-design","status":"publish","type":"page","link":"http:\/\/www.recrutement-amarillo.com\/fr\/recrutement-de-personnel-genie-conseil-et-design\/","title":{"rendered":"Recrutement de personnel g\u00e9nie conseil et design"},"content":{"rendered":"<h2 style=\"color: #6da6e5;\">G\u00e9nie-conseil<br \/>\nDessin &amp; conception<\/h2>\n<div class=\"divider\" style=\"border-color:#6da6e5;padding-top:5px;margin-bottom:15px\"><\/div>\n<p style=\"text-align: justify;\">Vous \u00eates \u00e0 la recherche de personnes talentueuses dans les domaines du g\u00e9nie-conseil, le dessin et la conception ; des individus qui auront \u00e0 c\u0153ur de contribuer avec leur professionnalisme et leur dynamisme \u00e0 la r\u00e9ussite de votre entreprise.<\/p>\n<p style=\"text-align: justify;\">Si vous \u00eates \u00e0 la recherche de comp\u00e9tences techniques pointues, chez des gens qui savent travailler sous pression et sont de bons communicants &#8211; des candidats qui seront en mesure de bien s&rsquo;int\u00e9grer \u00e0 votre culture, votre \u00e9quipe et vos valeurs d&rsquo;entreprise, permettez-nous de localiser et de recruter ces personnes pour vous.<\/p>\n<p style=\"text-align: justify;\">Amarillo recrute des personnes pour toutes les tailles et types de soci\u00e9t\u00e9s d&rsquo;ing\u00e9nierie &#8211; qu&rsquo;ils soient de petits ou grands cabinets multinationaux, dans l&rsquo;industrie lourde ou l\u00e9g\u00e8re. Notre domaine d\u2019expertise couvre des postes cadre et de direction aux postes de technicien. Nous travaillons sur des postes permanents ou temporaires.<\/p>\n<p>Nous nous sp\u00e9cialisons dans la recherche de personnel technique talentueux avec une expertise en :<\/p>\n<div class=\"fond-gris\">\n<p style=\"text-align: justify;\"><div class=\"one_third\"><p>\u2014 Gestion technique<br \/>\n\u2014 Gestion de projets<br \/>\n\u2014 Ing\u00e9nierie<br \/>\n\u2014 Dessin et conception<br \/>\n\u2014 Exploitation et gestion sur le terrain<\/p>\n<p style=\"text-align: justify;\"><\/div> <div class=\"one_third\"><p style=\"text-align: justify;\">\u2014 Inspection de chantier<br \/>\n\u2014 Construction industrielle<br \/>\n\u2014 Maintenance Industrielle<br \/>\n\u2014 R\u00e9daction technique<\/p>\n<p style=\"text-align: justify;\"><\/div> <div class=\"one_third last\"><img decoding=\"async\" class=\"alignnone wp-image-160 size-medium\" src=\"http:\/\/www.recrutement-amarillo.com\/wp-content\/uploads\/2014\/07\/oil-300x199.jpg\" alt=\"oil\" width=\"300\" height=\"199\" \/><\/div><div class=\"clearboth\"><\/div>\n<\/div>\n<p style=\"text-align: justify;\">Notre \u00e9quipe r\u00e9active \u00e9valuera et r\u00e9pondra \u00e0 vos besoins d&#8217;embauche particuliers avec efficience et efficacit\u00e9.<\/p>\n<h4><i class=\"iconfont theme-icon icon-play\" style=\"color:#6da6e5\"><\/i> Nous mettons notre expertise \u00e0 votre service, nous nous positionnons comme \u00e9tant votre meilleur partenaire pour vos besoins en recrutement.<\/h4>\n<div class=\"sample-blue\">Exemple de postes | emplois<\/div>\n<hr \/>\n<div class=\"one_half\"><ul style=\"list-style-image: url('http:\/\/www.recrutement-amarillo.com\/wp-content\/uploads\/2014\/08\/dot-blue.jpg');\">\n<li>Vice-pr\u00e9sident de l&rsquo;ing\u00e9nierie<\/li>\n<li>Directeur de l&rsquo;ing\u00e9nierie<\/li>\n<li>Ing\u00e9nieur concepteur en m\u00e9canique de b\u00e2timent<\/li>\n<li>Ing\u00e9nieur concepteur en \u00e9lectricit\u00e9 de b\u00e2timent<\/li>\n<li>Ing\u00e9nieur de projets<\/li>\n<li>Technologue concepteur<\/li>\n<li>Ing\u00e9nieur estimateur<\/li>\n<li>Dessinateur \/ Concepteur en chef<\/li>\n<li>Dessinateur \/ Concepteur<\/li>\n<li>Dessinateur<\/li>\n<li>Directeur en contr\u00f4le de la qualit\u00e9<\/li>\n<\/ul><\/div>\n<div class=\"one_half last\"><ul style=\"list-style-image: url('http:\/\/www.recrutement-amarillo.com\/wp-content\/uploads\/2014\/08\/dot-blue.jpg');\">\n<li>Ing\u00e9nieur industriel<\/li>\n<li>Technologue en g\u00e9nie industriel<\/li>\n<li>Planificateur de projets \/ m\u00e9thode du chemin critique<\/li>\n<li>Directeur des achats<\/li>\n<li>Acheteur<\/li>\n<li>R\u00e9dacteur technique<\/li>\n<li>Graphiste \/ Illustrateur<\/li>\n<li>Inspecteur de site<\/li>\n<li>Gestionnaire de site<\/li>\n<li>Gestionnaire en sant\u00e9 et s\u00e9curit\u00e9<\/li>\n<li>Chef de chantier<\/li>\n<\/ul><\/div><div class=\"clearboth\"><\/div>\n<div class=\"sample-blue\">Exemple de type d\u2019industries :<\/div>\n<hr \/>\n<div class=\"one_third\"><ul style=\"list-style-image: url('http:\/\/www.recrutement-amarillo.com\/wp-content\/uploads\/2014\/08\/dot-blue.jpg');\">\n<li>Civil<\/li>\n<li>M\u00e9canique<\/li>\n<li>P\u00e9trole et gaz<\/li>\n<li>Exploitation mini\u00e8re<\/li>\n<li>Transmission &amp; Distribution \u00e9lectrique (T &amp; D)<\/li>\n<\/ul><\/div>\n<div class=\"one_third\"><ul style=\"list-style-image: url('http:\/\/www.recrutement-amarillo.com\/wp-content\/uploads\/2014\/08\/dot-blue.jpg');\">\n<li>Chimique<\/li>\n<li>Chemin de fer<\/li>\n<li>Transport<\/li>\n<li>Infrastructure<\/li>\n<li>Automation<\/li>\n<li>\u00c9lectronique<\/li>\n<li>Traitement de l&rsquo;eau<\/li>\n<\/ul><\/div>\n<div class=\"one_third last\"><a href=\"http:\/\/www.recrutement-amarillo.com\/wp-content\/uploads\/2014\/07\/design-2.jpg\"><img decoding=\"async\" class=\"alignnone size-medium wp-image-158\" src=\"http:\/\/www.recrutement-amarillo.com\/wp-content\/uploads\/2014\/07\/design-2-300x199.jpg\" alt=\"design-2\" width=\"300\" height=\"199\" srcset=\"http:\/\/www.recrutement-amarillo.com\/wp-content\/uploads\/2014\/07\/design-2-300x199.jpg 300w, http:\/\/www.recrutement-amarillo.com\/wp-content\/uploads\/2014\/07\/design-2.jpg 500w\" sizes=\"(max-width: 300px) 100vw, 300px\" \/><\/a><\/p><\/div><div class=\"clearboth\"><\/div>\n<a id=\"button_id-2678\" href=\"http:\/\/www.recrutement-amarillo.com\/contactez-nous\" style=\"background-color:#2664a9\" class=\"button medium primary full no_woo_button\"><span style=\"color:#ffffff;\">Contactez-nous d\u00e8s aujourd&rsquo;hui et laissez-nous vous supporter dans votre recherche de candidats !<\/span><\/a>\n<hr \/>\n<p style=\"text-align: center;\">Vous avez aim\u00e9 le contenu ? Partagez-le avec vos amis<\/p>\n","protected":false},"excerpt":{"rendered":"<p>G\u00e9nie-conseil Dessin &amp; conception Vous \u00eates \u00e0 la recherche de personnes talentueuses dans les domaines du g\u00e9nie-conseil, le dessin et la conception ; des individus qui auront \u00e0 c\u0153ur de contribuer avec leur professionnalisme et leur dynamisme \u00e0 la r\u00e9ussite de votre entreprise. Si vous \u00eates \u00e0 la recherche de comp\u00e9tences techniques pointues, chez des &#8230;<\/p>\n","protected":false},"author":1,"featured_media":0,"parent":0,"menu_order":0,"comment_status":"closed","ping_status":"closed","template":"","meta":{"footnotes":""},"class_list":["post-276","page","type-page","status-publish","hentry"],"yoast_head":"<!-- This site is optimized with the Yoast SEO plugin v26.3 - https:\/\/yoast.com\/wordpress\/plugins\/seo\/ -->\n<title>Recrutement de personnel g\u00e9nie conseil et design<\/title>\n<meta name=\"description\" content=\"Recrutement de personnel g\u00e9nie conseil et design. Vous \u00eates \u00e0 la recherche de personnes talentueuses dans les domaines du g\u00e9nie-conseil, la conception, le dessin ;\" \/>\n<meta name=\"robots\" content=\"index, follow, max-snippet:-1, max-image-preview:large, max-video-preview:-1\" \/>\n<link rel=\"canonical\" href=\"http:\/\/www.recrutement-amarillo.com\/fr\/recrutement-de-personnel-genie-conseil-et-design\/\" \/>\n<meta property=\"og:locale\" content=\"fr_FR\" \/>\n<meta property=\"og:type\" content=\"article\" \/>\n<meta property=\"og:title\" content=\"Recrutement de personnel g\u00e9nie conseil et design\" \/>\n<meta property=\"og:description\" content=\"Recrutement de personnel g\u00e9nie conseil et design. Vous \u00eates \u00e0 la recherche de personnes talentueuses dans les domaines du g\u00e9nie-conseil, la conception, le dessin ;\" \/>\n<meta property=\"og:url\" content=\"http:\/\/www.recrutement-amarillo.com\/fr\/recrutement-de-personnel-genie-conseil-et-design\/\" \/>\n<meta property=\"og:site_name\" content=\"Recrutement Amarillo\" \/>\n<meta property=\"article:modified_time\" content=\"2021-09-01T06:00:30+00:00\" \/>\n<meta property=\"og:image\" content=\"http:\/\/www.recrutement-amarillo.com\/wp-content\/uploads\/2014\/07\/oil-300x199.jpg\" \/>\n<meta name=\"twitter:label1\" content=\"Dur\u00e9e de lecture estim\u00e9e\" \/>\n\t<meta name=\"twitter:data1\" content=\"2 minutes\" \/>\n<script type=\"application\/ld+json\" class=\"yoast-schema-graph\">{\"@context\":\"https:\/\/schema.org\",\"@graph\":[{\"@type\":\"WebPage\",\"@id\":\"http:\/\/www.recrutement-amarillo.com\/fr\/recrutement-de-personnel-genie-conseil-et-design\/\",\"url\":\"http:\/\/www.recrutement-amarillo.com\/fr\/recrutement-de-personnel-genie-conseil-et-design\/\",\"name\":\"Recrutement de personnel g\u00e9nie conseil et design\",\"isPartOf\":{\"@id\":\"http:\/\/www.recrutement-amarillo.com\/#website\"},\"primaryImageOfPage\":{\"@id\":\"http:\/\/www.recrutement-amarillo.com\/fr\/recrutement-de-personnel-genie-conseil-et-design\/#primaryimage\"},\"image\":{\"@id\":\"http:\/\/www.recrutement-amarillo.com\/fr\/recrutement-de-personnel-genie-conseil-et-design\/#primaryimage\"},\"thumbnailUrl\":\"http:\/\/www.recrutement-amarillo.com\/wp-content\/uploads\/2014\/07\/oil-300x199.jpg\",\"datePublished\":\"2014-08-12T23:00:55+00:00\",\"dateModified\":\"2021-09-01T06:00:30+00:00\",\"description\":\"Recrutement de personnel g\u00e9nie conseil et design. Vous \u00eates \u00e0 la recherche de personnes talentueuses dans les domaines du g\u00e9nie-conseil, la conception, le dessin ;\",\"inLanguage\":\"fr-FR\",\"potentialAction\":[{\"@type\":\"ReadAction\",\"target\":[\"http:\/\/www.recrutement-amarillo.com\/fr\/recrutement-de-personnel-genie-conseil-et-design\/\"]}]},{\"@type\":\"ImageObject\",\"inLanguage\":\"fr-FR\",\"@id\":\"http:\/\/www.recrutement-amarillo.com\/fr\/recrutement-de-personnel-genie-conseil-et-design\/#primaryimage\",\"url\":\"http:\/\/www.recrutement-amarillo.com\/wp-content\/uploads\/2014\/07\/oil-300x199.jpg\",\"contentUrl\":\"http:\/\/www.recrutement-amarillo.com\/wp-content\/uploads\/2014\/07\/oil-300x199.jpg\"},{\"@type\":\"WebSite\",\"@id\":\"http:\/\/www.recrutement-amarillo.com\/#website\",\"url\":\"http:\/\/www.recrutement-amarillo.com\/\",\"name\":\"Recrutement Amarillo\",\"description\":\"Recrutement Amarillo\",\"potentialAction\":[{\"@type\":\"SearchAction\",\"target\":{\"@type\":\"EntryPoint\",\"urlTemplate\":\"http:\/\/www.recrutement-amarillo.com\/?s={search_term_string}\"},\"query-input\":{\"@type\":\"PropertyValueSpecification\",\"valueRequired\":true,\"valueName\":\"search_term_string\"}}],\"inLanguage\":\"fr-FR\"}]}<\/script>\n<!-- \/ Yoast SEO plugin. -->","yoast_head_json":{"title":"Recrutement de personnel g\u00e9nie conseil et design","description":"Recrutement de personnel g\u00e9nie conseil et design. Vous \u00eates \u00e0 la recherche de personnes talentueuses dans les domaines du g\u00e9nie-conseil, la conception, le dessin ;","robots":{"index":"index","follow":"follow","max-snippet":"max-snippet:-1","max-image-preview":"max-image-preview:large","max-video-preview":"max-video-preview:-1"},"canonical":"http:\/\/www.recrutement-amarillo.com\/fr\/recrutement-de-personnel-genie-conseil-et-design\/","og_locale":"fr_FR","og_type":"article","og_title":"Recrutement de personnel g\u00e9nie conseil et design","og_description":"Recrutement de personnel g\u00e9nie conseil et design. Vous \u00eates \u00e0 la recherche de personnes talentueuses dans les domaines du g\u00e9nie-conseil, la conception, le dessin ;","og_url":"http:\/\/www.recrutement-amarillo.com\/fr\/recrutement-de-personnel-genie-conseil-et-design\/","og_site_name":"Recrutement Amarillo","article_modified_time":"2021-09-01T06:00:30+00:00","og_image":[{"url":"http:\/\/www.recrutement-amarillo.com\/wp-content\/uploads\/2014\/07\/oil-300x199.jpg","type":"","width":"","height":""}],"twitter_misc":{"Dur\u00e9e de lecture estim\u00e9e":"2 minutes"},"schema":{"@context":"https:\/\/schema.org","@graph":[{"@type":"WebPage","@id":"http:\/\/www.recrutement-amarillo.com\/fr\/recrutement-de-personnel-genie-conseil-et-design\/","url":"http:\/\/www.recrutement-amarillo.com\/fr\/recrutement-de-personnel-genie-conseil-et-design\/","name":"Recrutement de personnel g\u00e9nie conseil et design","isPartOf":{"@id":"http:\/\/www.recrutement-amarillo.com\/#website"},"primaryImageOfPage":{"@id":"http:\/\/www.recrutement-amarillo.com\/fr\/recrutement-de-personnel-genie-conseil-et-design\/#primaryimage"},"image":{"@id":"http:\/\/www.recrutement-amarillo.com\/fr\/recrutement-de-personnel-genie-conseil-et-design\/#primaryimage"},"thumbnailUrl":"http:\/\/www.recrutement-amarillo.com\/wp-content\/uploads\/2014\/07\/oil-300x199.jpg","datePublished":"2014-08-12T23:00:55+00:00","dateModified":"2021-09-01T06:00:30+00:00","description":"Recrutement de personnel g\u00e9nie conseil et design. Vous \u00eates \u00e0 la recherche de personnes talentueuses dans les domaines du g\u00e9nie-conseil, la conception, le dessin ;","inLanguage":"fr-FR","potentialAction":[{"@type":"ReadAction","target":["http:\/\/www.recrutement-amarillo.com\/fr\/recrutement-de-personnel-genie-conseil-et-design\/"]}]},{"@type":"ImageObject","inLanguage":"fr-FR","@id":"http:\/\/www.recrutement-amarillo.com\/fr\/recrutement-de-personnel-genie-conseil-et-design\/#primaryimage","url":"http:\/\/www.recrutement-amarillo.com\/wp-content\/uploads\/2014\/07\/oil-300x199.jpg","contentUrl":"http:\/\/www.recrutement-amarillo.com\/wp-content\/uploads\/2014\/07\/oil-300x199.jpg"},{"@type":"WebSite","@id":"http:\/\/www.recrutement-amarillo.com\/#website","url":"http:\/\/www.recrutement-amarillo.com\/","name":"Recrutement Amarillo","description":"Recrutement Amarillo","potentialAction":[{"@type":"SearchAction","target":{"@type":"EntryPoint","urlTemplate":"http:\/\/www.recrutement-amarillo.com\/?s={search_term_string}"},"query-input":{"@type":"PropertyValueSpecification","valueRequired":true,"valueName":"search_term_string"}}],"inLanguage":"fr-FR"}]}},"_links":{"self":[{"href":"http:\/\/www.recrutement-amarillo.com\/fr\/wp-json\/wp\/v2\/pages\/276","targetHints":{"allow":["GET"]}}],"collection":[{"href":"http:\/\/www.recrutement-amarillo.com\/fr\/wp-json\/wp\/v2\/pages"}],"about":[{"href":"http:\/\/www.recrutement-amarillo.com\/fr\/wp-json\/wp\/v2\/types\/page"}],"author":[{"embeddable":true,"href":"http:\/\/www.recrutement-amarillo.com\/fr\/wp-json\/wp\/v2\/users\/1"}],"replies":[{"embeddable":true,"href":"http:\/\/www.recrutement-amarillo.com\/fr\/wp-json\/wp\/v2\/comments?post=276"}],"version-history":[{"count":0,"href":"http:\/\/www.recrutement-amarillo.com\/fr\/wp-json\/wp\/v2\/pages\/276\/revisions"}],"wp:attachment":[{"href":"http:\/\/www.recrutement-amarillo.com\/fr\/wp-json\/wp\/v2\/media?parent=276"}],"curies":[{"name":"wp","href":"https:\/\/api.w.org\/{rel}","templated":true}]}}